{"id":2,"date":"2011-07-17T14:58:51","date_gmt":"2011-07-17T14:58:51","guid":{"rendered":"http:\/\/www.fondazionesulas.it\/?page_id=2"},"modified":"2026-04-16T13:30:54","modified_gmt":"2026-04-16T13:30:54","slug":"sample-page","status":"publish","type":"page","link":"https:\/\/www.fondazionesulas.it\/?page_id=2","title":{"rendered":"Borse erogate"},"content":{"rendered":"<h3><strong>Vincitori anno 2025<\/strong><\/h3>\n<p><a href=\"https:\/\/www.fondazionesulas.it\/wp-content\/uploads\/2026\/01\/Graduatoria-Bando-2025-2026.pdf\" target=\"_blank\" rel=\"noopener\">Graduatoria Borse Bando 2025-2026<\/a><\/p>\n<p><span style=\"text-decoration: underline;\"><strong>Borse di studio<\/strong><\/span><\/p>\n<p><strong>Pitzalis Paolo<\/strong> &#8211; Medicina &#8211; Universit\u00e0 degli Studi di Cagliari<br \/><strong>Carta Marisa<\/strong> &#8211; Farmacia &#8211; Universit\u00e0 degli Studi di Cagliari<br \/><strong>Mastino Marta<\/strong> &#8211; Medicina &#8211; Universit\u00e0 degli Studi di Cagliari<br \/><strong>Goddi Monika<\/strong> &#8211; Ingegneria Informatica &#8211; Universit\u00e0 degli Studi di Pisa<br \/><strong>Mocci Andrea<\/strong> &#8211; Ingegneria Elettronica Informatica &#8211; Universit\u00e0 degli Studi di Cagliari<br \/><strong>Pirellas Asia<\/strong> &#8211; Economia Gestione Aziendale &#8211; Universit\u00e0 degli Studi di Cagliari<br \/><strong>Fadda Domenico<\/strong> &#8211; Corso Accademico di Chitarra &#8211; Conservatorio L. Canapa di Sassari<br \/><strong>Mesina Daniel<\/strong> &#8211; Economia Gestione Aziendale &#8211; Universit\u00e0 degli Studi di Cagliari<br \/><strong>Goddi Maria Grazia Rita<\/strong> &#8211; Medicina &#8211; Universit\u00e0 degli Studi di Cagliari<br \/><strong>Porcu Alessia<\/strong> &#8211; Biologia Molecolare &#8211; Universit\u00e0 degli Studi di Padova<br \/><strong>Canudu Ilaria<\/strong> &#8211; Servizio Sociale &#8211; Universit\u00e0 degli Studi di Sassari<br \/><strong>Cavalcante Marika<\/strong> &#8211; Beni Culturali &#8211; Universit\u00e0 degli Studi di Firenze<br \/><strong>Catgiu Peppino<\/strong> &#8211; Agraria &#8211; Universit\u00e0 di Sassari<br \/><strong>Zanda Matilde<\/strong> &#8211; Economia Gestione Aziendale &#8211; Universit\u00e0 degli Studi di Cagliari<br \/><strong>Lande Francesca Luisa<\/strong> &#8211; Comunicazione Cultura e Societ\u00e0 &#8211; Bachelor Lingue e Letterature Italiane &#8211; Universit\u00e0 di Lugano<br \/><strong>Costeri Elena<\/strong> &#8211; Scienze Politiche &#8211; Universit\u00e0 degli Studi di Cagliari<br \/><strong>Puggioni Cristina<\/strong> &#8211; Ingegneria Civile &#8211; Universit\u00e0 degli Studi di Cagliari<br \/><strong>Fancello Salvatore<\/strong> &#8211; Ied &#8211; Istituto Europeo di Design di Cagliari<br \/><strong>Gallus Maria Franca<\/strong> &#8211; Comunicazione Pubblica e Professioni dell\u2019Informazione &#8211; Universit\u00e0 degli Studi di Sassari<br \/><strong>Cugusi Carlotta<\/strong> &#8211; Economia e Gestione Aziendale &#8211; Universit\u00e0 degli Studi di Cagliari<\/p>\n<p><span style=\"text-decoration: underline;\"><strong>Borse di perfezionamento 2025<\/strong><\/span><\/p>\n<p><strong>Francesca Umana<\/strong> &#8211; Laurea Magistrale, relazioni internazionali &#8211; Universit\u00e0 di Cagliari<br \/><strong>Manca Antonio<\/strong> &#8211; Accademia Belle Arti di Firenze<br \/><strong>Barba Francesco<\/strong> &#8211; Accademia Belle Arti di Sassari<\/p>\n<p><span style=\"text-decoration: underline;\"><strong>Borse Straordinarie per frequenza Seminario Jazz &#8211; Nuoro &#8211; Agosto 2025<\/strong><\/span><\/p>\n<p><strong>Bandinu Giuseppe, Bussalai Elena, Bussu Adelasia, Fadda Domenico, Manca Veronica, Mele Romagna Alberto, Monne Filippo, Ziranu Davide<\/strong><\/p>\n<p><span style=\"text-decoration: underline;\"><strong>Borse Straordinarie di sostegno allo studio<\/strong><\/span><\/p>\n<p><strong>Sartori Olga Viviana<\/strong> &#8211; Lingue e Culture Moderne &#8211; Universit\u00e0 degli Studi di Genova<\/p>\n<h3>\u00a0<\/h3>\n<h3><strong>Vincitori anno 2024<\/strong><\/h3>\n<p><a href=\"https:\/\/www.fondazionesulas.it\/wp-content\/uploads\/2025\/01\/Graduatoria-Bando-2024-2025.pdf\" target=\"_blank\" rel=\"noopener\">Graduatoria Borse Bando 2024-2025<\/a><\/p>\n<p><span style=\"text-decoration: underline;\"><strong>Borse di studio<\/strong><\/span><\/p>\n<p><strong>Sechi Martina <\/strong>&#8211; Tecniche di Laboratorio Biomedico &#8211; Universit\u00e0 di Cagliari<br \/><strong>Mossa Mattia <\/strong>&#8211; Facolt\u00e0 di Teologia &#8211; Pontificia Facolt\u00e0 Teologica di Cagliari<br \/><strong>Patteri Mauro <\/strong>&#8211; Scienze Agro-Zootecniche &#8211; Universit\u00e0 di Sassari<br \/><strong>Giobbe Jana <\/strong>&#8211; Scienze Tecniche Psicologiche &#8211; Universit\u00e0 di Cagliari<br \/><strong>Cappai Francesca <\/strong>&#8211; Ingegneria Biomedica &#8211; Universit\u00e0 di Pisa<br \/><strong>Sassone Giulia<\/strong> &#8211; Scienze Tecniche Psicologiche &#8211; Universit\u00e0 di Cagliari<br \/><strong>Cadau Matteo<\/strong> &#8211; Scienze Biologiche &#8211; Universit\u00e0 di Sassari<br \/><strong>Patteri Manola<\/strong> &#8211; Economia Aziendale &#8211; Universit\u00e0 di Pisa<br \/><strong>Corda Flavia<\/strong> &#8211; Scienze Politiche &#8211; Universit\u00e0 di Cagliari<br \/><strong>Secci Mattia<\/strong> &#8211; Scienze Agro-Zootecniche &#8211; Universit\u00e0 di Sassari<br \/><strong>Sechi Laura<\/strong> &#8211; Scienze Tecniche Psicologiche &#8211; Universit\u00e0 di Sassari<br \/><strong>Occhipinti Chiara Annamaria<\/strong> &#8211; Chimica &#8211; Universit\u00e0 di Cagliari<br \/><strong>Cau Ginevra<\/strong> &#8211; Tecnologie Viticole Enologiche Alimentari &#8211; Universit\u00e0 di Sassari<br \/><strong>Mula Gisella Maria<\/strong> &#8211; Filologia e Critica delle Letterature Antiche e Moderne &#8211; Universit\u00e0 di Siena<br \/><strong>Ladu Maria Lucia<\/strong> &#8211; Mediazione Linguistica e Culturale &#8211; Universit\u00e0 di Sassari<\/p>\n<p><span style=\"text-decoration: underline;\"><strong>Borse Straordinarie di sostegno allo studio<\/strong><\/span><\/p>\n<p><strong>Mereu Antonella<\/strong> &#8211; Materie Letterarie e Linguistiche &#8211; Universit\u00e0 Telematica Nicol\u00f2 Cusano Roma<\/p>\n<p><span style=\"text-decoration: underline;\"><strong>Borse di perfezionamento<\/strong><\/span><\/p>\n<p><strong>Andrea Niffoi<\/strong> &#8211; Borsa Biennale di perfezionamento per iscrizione e frequenza al Corso di &#8220;Diploma Accademico di II Livello&#8221; presso il Conservatorio L. Boccherini di Lucca<\/p>\n<p><span style=\"text-decoration: underline;\"><strong>Contributo straordinario<\/strong><\/span><\/p>\n<p><strong>Scuola Materna<\/strong> \u201cGuiso Gallisai\u201d di Nuoro per l\u2019acquisto di strumenti musicali<\/p>\n<h3>\u00a0<\/h3>\n<h3><strong>Vincitori anno 2023<\/strong><\/h3>\n<p><a href=\"https:\/\/www.fondazionesulas.it\/wp-content\/uploads\/2024\/01\/Graduatoria-Bando-2023-2024_C2.pdf\" target=\"_blank\" rel=\"noopener\">Graduatoria Borse Bando 2023-2024<\/a><\/p>\n<p><span style=\"text-decoration: underline;\"><strong>Borse di studio<\/strong><\/span><\/p>\n<p><strong>Melis Cosimo<\/strong> &#8211; Giurisprudenza \u2013 Universit\u00e0 degli Studi di Sassari<\/p>\n<p><strong>Cadinu Fausto<\/strong> &#8211; Scienze Attivit\u00e0 Motorie \u2013 Universit\u00e0 degli Studi di Cagliari<\/p>\n<p><strong>Panizziutti Marta<\/strong> &#8211; Scienze e tecniche psicologiche \u2013 Universit\u00e0 degli Studi di Cagliari<\/p>\n<p><strong>Pedde Giulio<\/strong> &#8211; Fisica \u2013 Universit\u00e0 degli Studi di Pisa<\/p>\n<p><strong>Pulloni Laura<\/strong> -Scienze Educazione e formazione \u2013 Universit\u00e0 degli Studi di Cagliari<\/p>\n<p><strong>Floris Mirko<\/strong> &#8211; Giurisprudenza \u2013 Universit\u00e0 degli Studi Cagliari<\/p>\n<p><strong>Maccioni M. Antonietta<\/strong> &#8211; Progettazione, Gestione di itinerari e dell\u2019ambiente \u2013 Universit\u00e0 degli studi di Sassari<\/p>\n<p><strong>Scano Elisa<\/strong> &#8211; Servizi Sociali \u2013 Universit\u00e0 degli Studi di Sassari<\/p>\n<p><strong>Fadda Nicol\u00f2<\/strong> &#8211; Informatica \u2013 Universit\u00e0 degli Studi di Pisa<\/p>\n<p><strong>Mesina Tatiana<\/strong> &#8211; Economia e Finanza \u2013 Universit\u00e0 degli di Cagliari<\/p>\n<p><strong>Manca Michela<\/strong> &#8211; Scienza dell\u2019Amministrazione \u2013 Universit\u00e0 degli Studi di Cagliari<\/p>\n<p><strong>Mesina Arianna<\/strong> &#8211; Servizi Sociali \u2013 Universit\u00e0 degli Studi di Sassari<\/p>\n<p><strong>Moledda Francesco<\/strong> \u2013 Ingegneria Civile \u2013 Universit\u00e0 degli Studi di Cagliari<\/p>\n<p><strong>Cau Enrico<\/strong> &#8211; Scienze Agro Zootecniche \u2013 Universit\u00e0 di Sassari<\/p>\n<p><strong>Di Mugno Maria Pia<\/strong> &#8211; Giurisprudenza \u2013 Universit\u00e0 di Sassari<\/p>\n<p><strong>Puddu Rosanna<\/strong> &#8211; Economia e Management \u2013 Universit\u00e0 di Sassari<\/p>\n<p><strong>Cau Anna Rossella<\/strong> &#8211; Veterinaria \u2013 Universit\u00e0 degli Studi di Sassari<\/p>\n<p><strong>Usai Antonio<\/strong> &#8211; Economia e Gestione Aziendale \u2013 Universit\u00e0 di Cagliari<\/p>\n<p><strong>Puligheddu Martina<\/strong> &#8211; Scienze Biologiche \u2013 Universit\u00e0 di Sassari<\/p>\n<p><strong>Di Cesare Benedetta<\/strong> &#8211; Infermieristica \u2013 Universit\u00e0 degli studi di Roma<\/p>\n<p><strong>Lunesu Lussorio<\/strong> &#8211; Scienze Politiche \u2013 Universit\u00e0 degli Studi di Sassari<\/p>\n<p><strong>Ruiu Vanessa<\/strong> &#8211; Giurisprudenza \u2013 Universit\u00e0 degli Studi di Sassari<\/p>\n<p><strong>Piras Luca<\/strong> &#8211; Economia e Finanza \u2013 Universit\u00e0 degli Studi di Cagliari<\/p>\n<p><strong>Piredda Sara<\/strong> &#8211; Scienze dell\u2019Educazione e Formazione \u2013 Universit\u00e0 di Cagliari<\/p>\n<p><strong>Lande Daniela<\/strong> &#8211; Chimica e Tecnologie per l&#8217;Ambiente \u2013 Universit\u00e0 degli Studi di Bologna<\/p>\n<p><span style=\"text-decoration: underline;\"><strong>Borse Straordinarie di sostegno allo studio<\/strong><\/span><\/p>\n<p><strong>Canu Pasquale<\/strong> &#8211; Borsa sostegno per la frequenza presso l\u2019Istituto Tecnico Industriale di Parma<\/p>\n<p><strong>Zedda Alessio<\/strong> \u2013 Borsa sostegno per corso di laurea in Ingegneria Elettrica \u2013 Universit\u00e0 degli Studi di Cagliari<\/p>\n<p><span style=\"text-decoration: underline;\"><strong>Borse di perfezionamento e Master<\/strong><\/span><\/p>\n<p><strong>Catte Sini Camilla<\/strong> \u2013 MASTER in scrittura creativa presso l\u2019Accademia Molly Bloom di Roma<\/p>\n<h3>\u00a0<\/h3>\n<h3><span style=\"text-decoration: underline;\"><strong>Vincitori anno 2022<\/strong><\/span><\/h3>\n<p><span style=\"text-decoration: underline;\"><strong>Borse di perfezionamento e Master<\/strong><\/span><\/p>\n<p><strong>Useli Bacchitta Gian Cosimo<\/strong> &#8211; Biennio Perfezionamento Scienza Dell\u2019Amministrazione presso l\u2019Universit\u00e0 di Napoli<\/p>\n<p><strong>Fadda Antonella<\/strong> &#8211; Borsa Biennale per frequenza Master in TAL \u2013 Trattamento Automatico della Lingua \u2013 presso l\u2019Universit\u00e0 Cattolica di Louvin in Belgio<\/p>\n<p><strong>Mascia Carla<\/strong> &#8211; Master in \u201cInternational Fashion Mangement\u201c presso la Rome Business School \u2013 Roma<\/p>\n<p><span style=\"text-decoration: underline;\"><strong>Vincitori Area Medico Sanitaria<\/strong><\/span><\/p>\n<p><strong>Mattana Federica<\/strong> &#8211; Infermieristica \u2013 Universit\u00e0 degli Studi di Sassari<\/p>\n<p><strong>Brusati Ernesto<\/strong> &#8211; Infermieristica \u2013 Universit\u00e0 degli Studi di Bologna<\/p>\n<p><strong>Satta Gianna<\/strong> &#8211; Ostetricia \u2013 Universit\u00e0 degli Studi di Perugia<\/p>\n<p><strong>Vedele Grazia<\/strong> &#8211; Infermieristica \u2013 Universit\u00e0 degli Studi di Sassari<\/p>\n<p><strong>Corbeddu Antonella<\/strong> &#8211; Infermieristica \u2013 Universit\u00e0 degli Studi di sassari<\/p>\n<p><span style=\"text-decoration: underline;\"><strong>Vincitori Area Scientifico Tecnonologica<\/strong><\/span><\/p>\n<p><strong>Pinna Simone<\/strong> &#8211; Ingegneria Energetica \u2013 Politecnico di Milano<\/p>\n<p><strong>Derosas Maria<\/strong> &#8211; Scienze Biologiche \u2013 Universit\u00e0 degli studi di Sassari<\/p>\n<p><strong>Mereu Marco<\/strong> &#8211; Informatica \u2013 Universit\u00e0 degli Studi di Torino<\/p>\n<p><strong>Corrias Marta<\/strong> &#8211; Scienze Biologiche \u2013 Universit\u00e0 degli Studi di Cagliari<\/p>\n<p><strong>Crobu Marco<\/strong> &#8211; Ingegneria Civile \u2013 Universit\u00e0 degli Studi di Cagliari<\/p>\n<p><span style=\"text-decoration: underline;\"><strong>Vincitori Area Umanistico Sociale<\/strong><\/span><\/p>\n<p><strong>Zineddu Andrea<\/strong> &#8211; Economia \u2013 Universit\u00e0 degli Studi di Trento<\/p>\n<p><strong>Marcialis Michela<\/strong> &#8211; Mediazione Linguistica \u2013 Universit\u00e0 di Sassari<\/p>\n<p><strong>Puddu Angel Marina<\/strong> \u2013 Scienze dell\u2019educazione \u2013 Universit\u00e0 di Cagliari<\/p>\n<p><strong>Pintori Greta<\/strong> &#8211; Scienze Politiche \u2013 Universit\u00e0 di Cagliari<\/p>\n<p><strong>Podda Matteo<\/strong> &#8211; Giurisprudenza \u2013 Universit\u00e0 degli studi di Trento<\/p>\n<p><span style=\"text-decoration: underline;\"><strong>Vincitori Area Alta Formazione Artistica<\/strong><\/span><\/p>\n<p><strong>Pretti Erika<\/strong> &#8211; Corso Fashion Design \u2013 Accademia Belle Arti Milano<\/p>\n<p><a href=\"https:\/\/www.fondazionesulas.it\/wp-content\/uploads\/2024\/01\/Graduatoria-Bando-2022-2023_C.pdf\">Graduatoria Borse Bando 2022-2023<\/a><\/p>\n<h3>\u00a0<\/h3>\n<h3><span style=\"text-decoration: underline;\"><strong>Vincitori anno 2021<\/strong><\/span><\/h3>\n<p><span style=\"text-decoration: underline;\"><strong>Borse di perfezionamento<\/strong><\/span><\/p>\n<p><strong>Antonio Mura<\/strong> &#8211; Biennio perfezionamento Culture e tecnogie della moda presso l&#8217;Accademia Belle Arti Roma<\/p>\n<p><strong>Andrea Niffoi<\/strong> &#8211; Borsa triennale per iscrizione e frequenza presso il Conservatorio &#8220;Luigi Canepa&#8221; di Sassari<\/p>\n<p><strong>Adele Piredda<\/strong> &#8211; Biennio specialistico in Fashion Design presso l&#8217;Accademia Belle Arti Bologna<\/p>\n<p><span style=\"text-decoration: underline;\"><strong>Borse di studio<\/strong><\/span><\/p>\n<p><strong>Serra Claudia<\/strong> &#8211; Facolt\u00e0 di Giurisprudenza dell\u2019Universit\u00e0 \u00a0di Cagliari.<\/p>\n<p><strong>Zedda Rita<\/strong> &#8211; Facolt\u00e0 di economia.<\/p>\n<p><strong>Piras Caterina<\/strong> &#8211; Facolt\u00e0 di Scienze Biologiche dell\u2019Universit\u00e0 di Sassari.<\/p>\n<p><strong>Deiana Clara<\/strong> &#8211; Facolt\u00e0 di Scienze dell\u2019educazione e della Formazione dell\u2019Universit\u00e0 di Cagliari.<\/p>\n<p><strong>Deiana Stefania<\/strong> &#8211; Facolt\u00e0 di Scienze Tecniche Psicologiche dell\u2019Universit\u00e0 di Cagliari.<\/p>\n<p><strong>Umana Francesca<\/strong> &#8211; Facolt\u00e0 di Lingue e culture per la mediazione linguistica dell\u2019Universit\u00e0 di Cagliari.<\/p>\n<p><strong>Aresu Martina<\/strong> &#8211; Facolt\u00e0 di Lingue e culture per la mediazione linguistica dell\u2019Universit\u00e0 di Cagliari.<\/p>\n<p><strong>Porcu Julia<\/strong> &#8211; Facolt\u00e0 di Scienze tecniche psicologiche dell\u2019Universit\u00e0 di Cagliari.<\/p>\n<p><strong>Scudu Elena<\/strong> &#8211; Facolt\u00e0 di Scienze dell\u2019educazione e della Formazione Universit\u00e0 di Tor Vergata, ROMA.<\/p>\n<p><strong>Muroni Marika<\/strong> &#8211; Facolt\u00e0 di Scienze tecniche psicologiche dell Universit\u00e0 di Cagliari.<\/p>\n<p><strong>Scudu Michele<\/strong> &#8211; Facolt\u00e0 di Lettere Universit\u00e0 di Cagliari.<\/p>\n<p><strong>Manunta Giada<\/strong> &#8211; Facolt\u00e0 di Odontoiatria e protesi dentaria dell\u2019Universit\u00e0 di Sassari.<\/p>\n<h3>\u00a0<\/h3>\n<h3><span style=\"text-decoration: underline;\"><strong>Vincitori anno 2020<\/strong><\/span><\/h3>\n<p><strong><span style=\"text-decoration: underline;\">Borse di ricerca e masters<\/span><br \/><\/strong><\/p>\n<p><strong>Sara Porru<\/strong> &#8211; Masters in \u201c Human and conflict management \u201c presso la scuola superiore Sant&#8217;Anna di Pisa.<\/p>\n<p><span style=\"text-decoration: underline;\"><strong>Borse di perfezionamento<\/strong><\/span><\/p>\n<p><strong>Clelia Piredda<\/strong> &#8211; Biennio specialistico di 2\u00b0 livello in arte visiva e pittura Accademia Belle Arti di Firenze.<\/p>\n<p><strong>Lucia Baralla<\/strong> &#8211; Laurea Magistrale in Scienze Economico Aziendale Universit\u00e0 Carlo Bo di Urbino.<\/p>\n<p><span style=\"text-decoration: underline;\"><strong>Borse di studio<\/strong><\/span><\/p>\n<p><strong>Giovanni Murru<\/strong> &#8211; Scienze Forestali e Ambientali &#8211; Universit\u00e0 degli studi di Sassari.<\/p>\n<p><span style=\"text-decoration: underline;\"><strong>Borse di studio straordinarie<\/strong><\/span><\/p>\n<p><strong>DONAZIONE DELL&#8217;ING. CARLO VITALE IN MEMORIA<br \/><\/strong><strong>DI GIOVANNA E IGNAZIO FROGHERI<\/strong><\/p>\n<p><strong>Melissa Pinna<\/strong> &#8211; Corso di Laurea Lingue e cultura e societ\u00e0 dell&#8217;Asia e dell&#8217;Africa Mediterranea &#8211; Universit\u00e0 Ca Foscari di Venezia.<\/p>\n<p><strong>Giuseppe Lai<\/strong> &#8211; Contributo per la frequenza ai corsi di Alta formazione Artistica Musicale Accademia CPM di Milano.<\/p>\n<p><span style=\"text-decoration: underline;\"><strong>Contributo straordinario<\/strong><\/span><\/p>\n<p><strong>Scuola Materna Guiso Gallisai di Nuoro<\/strong> per acquisto libri e materiale didattico<\/p>\n<h3>\u00a0<\/h3>\n<h3><span style=\"text-decoration: underline;\"><strong>Vincitori anno 2019<\/strong><\/span><\/h3>\n<p><span style=\"text-decoration: underline;\"><strong>Borse Biennali di perfezionamento<\/strong><\/span><\/p>\n<p><strong>Angela Fois<\/strong> &#8211; Laurea Magistrale in Scienze degli alimenti e della nutrizione &#8211; Universit\u00e0 di Cagliari.<\/p>\n<p><span style=\"text-decoration: underline;\"><strong>Borse di studio<\/strong><\/span><\/p>\n<p><strong>Gian Mario Deluigi<\/strong> &#8211; Borsa di studio per Tesi di laura Magistrale &#8211; Politecnico di Milano, &#8220;Progettazione dei grandi sistemi d&#8217;ingegneria navale&#8221; presso la Stanford University in California.<\/p>\n<p><strong>Davide Puddu<\/strong> &#8211; Facolt\u00e0 scienze della formazione, Universit\u00e0 Cattolica di Milano.<\/p>\n<p><strong>Francesco Mereu<\/strong> &#8211; Facolt\u00e0 scienze politiche Universit\u00e0 \u201cAlma Mater Studiorum\u201d Bologna.<\/p>\n<p><strong>Solinas Efisio Luigi<\/strong> &#8211; Facolt\u00e0 Matematica Universit\u00e0 di Pisa.<\/p>\n<p><strong>Sini Paolo<\/strong> &#8211; Facolt\u00e0 Scienze e Tecnologie alimentari Universit\u00e0 di Udine.<\/p>\n<p><strong>Francesca Angius<\/strong> &#8211; Facolt\u00e0 Scienze Forestali ambientali Universit\u00e0 di Sassari.<\/p>\n<p><strong>Sandro Montesu<\/strong> &#8211; Facolt\u00e0 di informatica Universit\u00e0 di Pisa.<\/p>\n<h3>\u00a0<\/h3>\n<h3><span style=\"text-decoration: underline;\"><strong>Vincitori anno 2018<\/strong><\/span><\/h3>\n<p><span style=\"text-decoration: underline;\"><strong>Borse Biennali di perfezionamento<\/strong><\/span><\/p>\n<p><strong>Andrea Carta<\/strong> &#8211; Borsa per iscrizione e frequenza presso il \u201cConservatorio Codarts Hogschool\u201d di Rotterdam, Olanda.<\/p>\n<p><strong>Luigi Pinna<\/strong> &#8211; Borsa di specializzazione in flauto traverso, Conservatorio \u201cLuigi Canepa\u201d di Sassari.<\/p>\n<p><strong>Mauro Manconi<\/strong> &#8211; Borsa di frequenza \u201cIUS\u201d di Pavia.<\/p>\n<p><strong>Aurora Caval<\/strong> &#8211; Borsa di perfezionamento presso il Conservatorio \u201cA. Steffani\u201d di Castelfranco Veneto.<\/p>\n<p><span style=\"text-decoration: underline;\"><strong>Borse di Studio<\/strong><\/span><\/p>\n<p><strong>Claudia Garau <\/strong>&#8211; Borsa di completamento del corso di studi in Chirurgia e Medicina presso l&#8217;Universit\u00e0 degli Studi di Cagliari.<\/p>\n<p><strong>Francesca Boi<\/strong> &#8211; Borsa di frequenza per il Liceo \u201cEnrico Fermi\u201d di Nuoro.<\/p>\n<h3>\u00a0<\/h3>\n<h3><span style=\"text-decoration: underline;\"><strong>Vincitori anno 2017<\/strong><\/span><\/h3>\n<p><span style=\"text-decoration: underline;\"><strong>Borse di Studio<\/strong><\/span><\/p>\n<p><strong>Gian Paolo Senette<\/strong> per iscrizione e frequenza presso l&#8217;Accademia \u201cHaute Futura Fashion Accademy\u201d di Milano.<\/p>\n<p><strong>Giorgia Curreli<\/strong> &#8211; Laurea specialistica in musicologia e Beni culturali presso l&#8217;Universit\u00e0 degli Studi di Pavia &#8211; biennio di perfezionamento in musicologia e Liuto.<\/p>\n<p><strong>Andrea Cocca<\/strong> &#8211; Corso annuale di specializzazione e perfezionamento presso l&#8217;Istituto \u201cModa e Immagine\u201d di Nuoro.<\/p>\n<p><strong>Contributo economico<\/strong> <em>una tantum<\/em> all&#8217;Istituto comprensivo n. 4 \u201cGrazia Deledda\u201d di Nuoro per il progetto Giochi Matematici 2017.<br \/>Il contributo economico ha favorito la partecipazione di sette alunni, risultati vincitori alle selezioni regionali 2017, al campionato internazionale di Giochi Matematici presso l&#8217;Universit\u00e0 Bocconi di Milano.<\/p>\n<p><span style=\"text-decoration: underline;\"><strong>Borse di Ricerca<\/strong><\/span><\/p>\n<p><strong>Marco Puligheddu<\/strong>, progetto: \u201cPico-Agri, un sistema di rilevazione multi spettrale da utilizzare a bordo di nano satelliti\u201d da svolgersi presso il Dipartimento di Fisica Astronomica dell\u2019Universit\u00e0 degli Studi di Trieste Tutor: prof. Anna Gregorio.<\/p>\n<h3>\u00a0<\/h3>\n<h3><span style=\"text-decoration: underline;\"><strong>Vincitori anno 2016<\/strong><\/span><\/h3>\n<p><span style=\"text-decoration: underline;\"><strong>Borse di Ricerca<\/strong><\/span><\/p>\n<p><strong>Fabrizio Cocco<\/strong>, \u201cStudio dell\u2019evoluzione tettonica recente della Sardegna con particolare attenzione al settore centro orientale dell\u2019Isola\u201d da svolgersi presso il Dipartimento di Scienze Chimiche e Geologiche dell\u2019Universit\u00e0 degli Studi di Cagliari &#8211; Tutor: prof. Antonio Funedda<\/p>\n<p><span style=\"text-decoration: underline;\"><strong>Borsa Biennale di perfezionamento<\/strong><\/span><\/p>\n<p><strong>Valentina Carmen Satta<\/strong>, \u201cBiennio specialistico in canto Barocco presso il Conservatorio Bruno Maderna di Cesena<\/p>\n<h3>\u00a0<\/h3>\n<h3><span style=\"text-decoration: underline;\"><strong>Vincitori anno 2015<\/strong><\/span><\/h3>\n<p><span style=\"text-decoration: underline;\"><strong>Borse erogate<\/strong><\/span><\/p>\n<p><strong>Clelia Piredda<\/strong>, Accademia Belle Arti di Firenze<br \/><strong>Sebastiano Mastrone<\/strong>, Ingegneria Meccanica, Universit\u00e0 di Cagliari<br \/><strong>Fabrizio Dedola<\/strong>, Scienze e Tecnologie Agrarie, Universit\u00e0 di Sassari<br \/><strong>Angela Fois<\/strong>, Biologia e Farmacia, Universit\u00e0 di Cagliari<br \/><strong>Liliana Floris<\/strong>, Biologia e Farmacia, Universit\u00e0 di Cagliari<br \/><strong>Mattia Cucca<\/strong>, Biologia e Farmacia, Universit\u00e0 di Cagliari<br \/><strong>Martina Mannu<\/strong>, Lingue e Comunicazione Facolt\u00e0 Studi Umanistici, Universit\u00e0 Cagliari<br \/><strong>Roberto Mele<\/strong>, Ingegneria e Architettura, Universit\u00e0 Cagliari<br \/><strong>Grazia Laura Ruiu<\/strong>, Servizio Sociale a indirizzo Europeo Facolt\u00e0 Scienze Umanistiche, Universit\u00e0 Sassari<br \/><strong>Rita Puligheddu<\/strong>, Tutela Beni Archeologici, Universit\u00e0 degli Studi di Firenze<\/p>\n<p><strong><span style=\"text-decoration: underline;\">Borse di Ricerca<\/span><\/strong><\/p>\n<p><strong>Maria Antonietta Mele<\/strong>, progetto: \u201c Modalit\u00e0 di popolamento e dinamiche insediative dell\u2019Altopiano della Barbagia di Ollolai e della valle di Gusana\u201d<br \/><strong>Demis Massimiliano Murgia<\/strong>, progetto: \u201cPane e pani di 3600 anni fa\u201d<\/p>\n<h3>\u00a0<\/h3>\n<h3><span style=\"text-decoration: underline;\"><strong>Vincitori anno 2014<\/strong><\/span><\/h3>\n<p>Borse erogate a studenti provenienti dal Liceo Scientifico \u201cMichelangelo Pira\u201d di Dorgali e dal Liceo Classico \u201cGiorgio Asproni\u201d di Nuoro<br \/><strong>Irene Fancello<\/strong> iscritta al corso di laurea in Biotecnologie, Universit\u00e0 di Bologna<br \/><strong>Nadia Piete<\/strong> iscritta al corso di laurea in Logopedia, Universit\u00e0 di Sassari<br \/><strong>Lucia Baralla<\/strong> iscritta al corso di laurea in Formazione Media e Pubblicit\u00e0, Universit\u00e0 di Urbino<br \/><strong>Luigi Fronteddu<\/strong> iscritto al corso di laurea DAMS di Bologna<\/p>\n<p><span style=\"text-decoration: underline;\"><strong>Borse di Ricerca<\/strong><\/span><br \/>Dott.ssa <strong>Daniela Stradoni<\/strong> per un progetto di ricerca sul mieloma multiplo, presso l\u2019Unit\u00e0 operativa di Ematologia dell\u2019Ospedale \u201cSan Francesco\u201d di Nuoro.<br \/>Dott.ssa <strong>Cecilia Mariani<\/strong> per progetto di ricerca, studio e ricostruzione del percorso personale e artistico del prof. Giovanni Antonio Sulas.<\/p>\n<h3>\u00a0<\/h3>\n<h3><strong><span style=\"text-decoration: underline;\">Vincitori anno 2013<\/span><\/strong><\/h3>\n<p>Borse erogate a studenti del Liceo Classico \u201cGiorgio Asproni\u201d e dall\u2019Istituto Magistrale \u201cSebastiano Satta\u201d di Nuoro<br \/><strong>Enrica Iaccarino<\/strong> iscritta al corso di laurea in Ostetricia, Universit\u00e0 di Sassari<br \/><strong>Gian Battista Salerno<\/strong> iscritto al corso di laurea in Architettura e Costruzioni, Universit\u00e0 Iuav di Venezia<br \/><strong>Francesca Bassu<\/strong> iscritta al corso di laurea in Scienza dell\u2019Educazione e della Formazione<br \/><strong>Maria Carmela Meloni<\/strong> iscritta al corso di laurea in Biologia e Farmacia, Universit\u00e0 di Cagliaria<br \/><strong>Luca Stoto<\/strong> iscritto al Conservatorio \u201cBenedetto Marcello\u201d di Musica di Venezia. Scuola di Pianoforte<\/p>\n<p><span style=\"text-decoration: underline;\"><strong>Borsa Biennale di perfezionamento<\/strong><\/span><br \/><strong>Jacopo Tore<\/strong> biennio di specializzazione in pianoforte, Conservatorio \u201cLuigi Canepa\u201d di Sassari<\/p>\n<h3>\u00a0<\/h3>\n<h3><strong><span style=\"text-decoration: underline;\"><span style=\"color: #000000; text-decoration: underline;\">Vincitori anno 2012<\/span><\/span><\/strong><\/h3>\n<p>Borse erogate a studenti dell\u2019Istituto d\u2019Arte \u201cFrancesco Ciusa\u201d di Nuoro, selezionati dal Comitato Scientifico dell\u2019Istituto.<br \/><strong>Giammarco Degortes<\/strong> iscritto all\u2019Accademia di Belle Arti di Roma<br \/><strong>Giulia Carrone<\/strong> iscritta all\u2019Accademia di Belle Arti di Firenze<br \/><strong>Simona Falconi<\/strong> iscritta all\u2019Accademia di Belle Arti di Milano<\/p>\n\n\n<p><\/p>\n","protected":false},"excerpt":{"rendered":"<p>Vincitori anno 2025 Graduatoria Borse Bando 2025-2026 Borse di studio Pitzalis Paolo &#8211; Medicina &#8211; Universit\u00e0 degli Studi di CagliariCarta Marisa &#8211; Farmacia &#8211; Universit\u00e0 degli Studi di CagliariMastino Marta &#8211; Medicina &#8211; Universit\u00e0 degli Studi di CagliariGoddi Monika &#8211; &hellip; <a href=\"https:\/\/www.fondazionesulas.it\/?page_id=2\">Continua a leggere<span class=\"meta-nav\">&rarr;<\/span><\/a><\/p>\n","protected":false},"author":1,"featured_media":0,"parent":0,"menu_order":0,"comment_status":"open","ping_status":"open","template":"","meta":{"footnotes":""},"class_list":["post-2","page","type-page","status-publish","hentry"],"_links":{"self":[{"href":"https:\/\/www.fondazionesulas.it\/index.php?rest_route=\/wp\/v2\/pages\/2","targetHints":{"allow":["GET"]}}],"collection":[{"href":"https:\/\/www.fondazionesulas.it\/index.php?rest_route=\/wp\/v2\/pages"}],"about":[{"href":"https:\/\/www.fondazionesulas.it\/index.php?rest_route=\/wp\/v2\/types\/page"}],"author":[{"embeddable":true,"href":"https:\/\/www.fondazionesulas.it\/index.php?rest_route=\/wp\/v2\/users\/1"}],"replies":[{"embeddable":true,"href":"https:\/\/www.fondazionesulas.it\/index.php?rest_route=%2Fwp%2Fv2%2Fcomments&post=2"}],"version-history":[{"count":69,"href":"https:\/\/www.fondazionesulas.it\/index.php?rest_route=\/wp\/v2\/pages\/2\/revisions"}],"predecessor-version":[{"id":786,"href":"https:\/\/www.fondazionesulas.it\/index.php?rest_route=\/wp\/v2\/pages\/2\/revisions\/786"}],"wp:attachment":[{"href":"https:\/\/www.fondazionesulas.it\/index.php?rest_route=%2Fwp%2Fv2%2Fmedia&parent=2"}],"curies":[{"name":"wp","href":"https:\/\/api.w.org\/{rel}","templated":true}]}}